{"id":546,"date":"2024-02-07T15:01:38","date_gmt":"2024-02-07T15:01:38","guid":{"rendered":"https:\/\/pilgrimgroupstravel.com\/?post_type=product&#038;p=546"},"modified":"2024-02-07T15:01:39","modified_gmt":"2024-02-07T15:01:39","slug":"roma-y-asis","status":"publish","type":"product","link":"https:\/\/pilgrimgroupstravel.com\/es\/producto\/roma-y-asis\/","title":{"rendered":"Roma y As\u00eds"},"content":{"rendered":"<p><b>D\u00cdA 1\u00ba.\u00a0<span class=\"Apple-converted-space\">\u00a0<\/span>Aeropuerto de origen \u2013 Aeropuerto de Roma<span class=\"Apple-converted-space\">\u00a0\u2013 Roma<\/span><\/b><\/p>\n<p>Presentaci\u00f3n en el aeropuerto de origen para coger nuestro vuelo con destino Roma. A la llegada nos trasladaremos hasta Roma para tener una panor\u00e1mica de la ciudad. A la hora que se determine iremos a nuestro hotel.\u00a0<b>Cena. Noche en Roma<\/b>.<span class=\"Apple-converted-space\">\u00a0<\/span><\/p>\n<p><strong>D\u00cdA 2\u00ba. Roma antigua; Coliseo y Foros. Roma barroca; Plazas y fuentes<\/strong><\/p>\n<p>Hoy dedicaremos el d\u00eda a visitar la Roma cl\u00e1sica, el Coliseo y los Foros imperiales A trav\u00e9s de ellos podremos admirar aquella ciudad que cre\u00f3 un gran Imperio. Acabaremos el d\u00eda paseando por la principales plazas del centro de la ciudad, Plaza Navona, Plaza de Espa\u00f1a o Fontana di Trevi.\u00a0<b>Pensi\u00f3n completa. Noche en Roma<\/b>.<\/p>\n<p><b>D\u00cdA 3\u00ba.<span class=\"Apple-converted-space\">\u00a0V<\/span>aticano; M<\/b><b>useos y<span class=\"Apple-converted-space\">\u00a0 B<\/span>as\u00edlica de San Pedro. Bas\u00edlicas de San Juan de Letr\u00e1n y Santa Mar\u00eda la Mayor. Trast\u00e9ver<\/b><\/p>\n<p>Por la ma\u00f1ana iremos al Vaticano para \u00a0visitar los Museos vaticanos donde los Papas han conservado las mayores obras de arte de todos los tiempos. Culmen de la visita a los Museos es la Capilla Sixtina, vinculada al nombre del gran Miguel \u00c1ngel. Visitaremos tambi\u00e9n el interior de la Bas\u00edlica de San Pedro. Por la tarde visitaremos dos de las Bas\u00edlicas mayores de la ciudad.\u00a0Una de ellas es<span class=\"Apple-converted-space\">\u00a0\u00a0<\/span>San Juan de Letr\u00e1n, la m\u00e1s antigua de Occidente y la Catedral de Roma. Visitaremos el interior de la Bas\u00edlica, al Baptisterio y al complejo del Sancta Sanctorum y de la Scala Santa. Al terminar, iremos a la Bas\u00edlica Papal de Santa Mar\u00eda la Mayor, la primera Iglesia dedicada al culto mariano, que seg\u00fan la tradici\u00f3n conserva el pesebre donde naci\u00f3 Jes\u00fas. A \u00faltima hora nos trasladaremos al Trast\u00e9vere para disfrutar de este t\u00edpico barrio romano.\u00a0<b>Pensi\u00f3n completa. Noche en Roma<\/b><\/p>\n<p><b>D\u00cdA 4\u00ba.\u00a0<span class=\"Apple-converted-space\">\u00a0\u00a0<\/span>Roma<span class=\"Apple-converted-space\">\u00a0\u00a0<\/span>\u2013 As\u00eds \u2013 Roma<\/b><\/p>\n<p>Tras el desayuno nos trasladaremos a la ciudad natal de San Francisco de As\u00eds. La bella localidad umbra de Asissi. All\u00ed\u0301 descubrimos la Santa Mar\u00eda de los \u00c1ngeles, bas\u00edlica construida en el s. XVI por A. Alessi que alberga la \u201cPorciuncula\u201d y tambi\u00e9n la Bas\u00edlica de San Francisco: Bas\u00edlica Superior con frescos de Cimabue y Giotto; Bas\u00edlica inferior con Claustro y Tumba del Santo. Almuerzo. Tras la comida continuaremos con las visitas de la ciudad para admirar la catedral de San Rufino y la Bas\u00edlica de Santa Clara. Por la tarde, a la hora que se determine, regreso a Roma para la cena y el alojamiento.\u00a0<b>Pensi\u00f3n completa. Noche en Roma<\/b><\/p>\n<p><b>D\u00cdA 5\u00ba. Roma; Audiencia con el Papa, Catacumbas y San Pablo Extramuros<\/b><\/p>\n<p>Por la ma\u00f1ana participaremos en la Audiencia con el Papa. Por la tarde visitaremos las\u00a0Catacumbas de San Calixto, uno de los antiguos cementerios de Roma donde se encuentran enterramientos cristianos con las primeras manifestaciones de la simbolog\u00eda y arte de la nueva religi\u00f3n. Nos retrotrae tambi\u00e9n a los primeros tiempos del Cristianismo y las persecuciones. A continuaci\u00f3n y seguiremos hasta San Pablo Extramuros.<span class=\"Apple-converted-space\">\u00a0\u00a0<\/span><b>Pensi\u00f3n completa. Noche en Roma<\/b><\/p>\n<p><b>D\u00cdA 6\u00ba. Roma \u2013 Aeropuerto de origen<\/b><\/p>\n<p>Tras el\u00a0<b>desayuno<\/b>\u00a0a,\u00a0la hora que se determine, nos trasladaremos al aeropuerto para coger nuestro vuelo.Llegada al aeropuerto de origen. Fin del viaje y de nuestros servicios.<\/p>\n","protected":false},"excerpt":{"rendered":"<div class=\"woocommerce-product-details__short-description\">\n<p>Con los Ap\u00f3stoles Pedro y Pablo<\/p>\n<\/div>\n","protected":false},"featured_media":547,"template":"","meta":[],"product_brand":[],"product_cat":[44],"product_tag":[],"class_list":{"0":"post-546","1":"product","2":"type-product","3":"status-publish","4":"has-post-thumbnail","6":"product_cat-rutas-de-los-apostoles","8":"first","9":"instock","10":"shipping-taxable","11":"product-type-simple"},"_links":{"self":[{"href":"https:\/\/pilgrimgroupstravel.com\/es\/wp-json\/wp\/v2\/product\/546","targetHints":{"allow":["GET"]}}],"collection":[{"href":"https:\/\/pilgrimgroupstravel.com\/es\/wp-json\/wp\/v2\/product"}],"about":[{"href":"https:\/\/pilgrimgroupstravel.com\/es\/wp-json\/wp\/v2\/types\/product"}],"wp:featuredmedia":[{"embeddable":true,"href":"https:\/\/pilgrimgroupstravel.com\/es\/wp-json\/wp\/v2\/media\/547"}],"wp:attachment":[{"href":"https:\/\/pilgrimgroupstravel.com\/es\/wp-json\/wp\/v2\/media?parent=546"}],"wp:term":[{"taxonomy":"product_brand","embeddable":true,"href":"https:\/\/pilgrimgroupstravel.com\/es\/wp-json\/wp\/v2\/product_brand?post=546"},{"taxonomy":"product_cat","embeddable":true,"href":"https:\/\/pilgrimgroupstravel.com\/es\/wp-json\/wp\/v2\/product_cat?post=546"},{"taxonomy":"product_tag","embeddable":true,"href":"https:\/\/pilgrimgroupstravel.com\/es\/wp-json\/wp\/v2\/product_tag?post=546"}],"curies":[{"name":"wp","href":"https:\/\/api.w.org\/{rel}","templated":true}]}}